{"id":287,"date":"2012-04-12T12:08:34","date_gmt":"2012-04-12T12:08:34","guid":{"rendered":"http:\/\/www.culturalusa.com\/news\/?page_id=287"},"modified":"2024-11-19T17:03:48","modified_gmt":"2024-11-19T16:03:48","slug":"evenements-lusophones","status":"publish","type":"page","link":"https:\/\/www.culturalusa.com\/news\/agenda\/evenements-lusophones\/","title":{"rendered":"Ev\u00e8nements Lusophones"},"content":{"rendered":"<p style=\"text-align: center;\"><img decoding=\"async\" class=\"aligncenter size-full wp-image-290\" title=\"agenda lusophone\" src=\"https:\/\/www.culturalusa.com\/news\/wp-content\/uploads\/2012\/04\/agenda-lusophone.jpg\" alt=\"\" width=\"99%\" srcset=\"https:\/\/www.culturalusa.com\/news\/wp-content\/uploads\/2012\/04\/agenda-lusophone.jpg 467w, https:\/\/www.culturalusa.com\/news\/wp-content\/uploads\/2012\/04\/agenda-lusophone-275x50.jpg 275w\" sizes=\"(max-width: 467px) 100vw, 467px\" \/><\/p>\n<div class=\"box-rev\">\n<h3>Toute l\u2019actualit\u00e9, concerts, culture, festivals, en direct et en continu \u2013 fil info PT<\/h3>\n<p>Retrouvez en un coup d\u2019\u0153il, de fa\u00e7on simple et rapide, toutes les actus de ces derni\u00e8res 24 heures sur notre fil info.<\/p>\n<div class=\"feedzy-cf3bd7a253d432284b2effb8af84b146 feedzy-rss\"><ul><li  style=\"padding: 15px 0 25px\" class=\"rss_item\"><div class=\"rss_image\" style=\"height:150px;width:150px;\"><a href=\"https:\/\/www.culturalusa.net\/news\/cultura\/musicos-camane-e-janeiro-nomeados-para-premios-de-musica-grammy-latinos\/\" target=\"_blank\" rel=\" noopener\" title=\"M\u00fasicos:  Caman\u00e9 e Janeiro nomeados para pr\u00e9mios de m\u00fasica Grammy Latinos\" style=\"height:150px;width:150px;\"><img decoding=\"async\" src=\"https:\/\/www.culturalusa.net\/news\/wp-content\/uploads\/2025\/09\/Camane-e-Janeiro-150x150.jpg\" title=\"M\u00fasicos:  Caman\u00e9 e Janeiro nomeados para pr\u00e9mios de m\u00fasica Grammy Latinos\" style=\"height:150px;width:150px;\"><\/a><\/div><span class=\"title\"><a href=\"https:\/\/www.culturalusa.net\/news\/cultura\/musicos-camane-e-janeiro-nomeados-para-premios-de-musica-grammy-latinos\/\" target=\"_blank\" rel=\" noopener\">M\u00fasicos:  Caman\u00e9 e Janeiro nomeados para pr\u00e9mios de m\u00fasica Grammy Latinos<\/a><\/span><div class=\"rss_content\" style=\"\"><p>M\u00fasicos: Caman\u00e9 e Janeiro nomeados para pr\u00e9mios de m\u00fasica Grammy Latinos O fadista Caman\u00e9 est\u00e1 nomeado com o \u00e1lbum \u201cAo vivo no CCB \u2014 Homenagem a Jos\u00e9 M\u00e1rio Branco\u201d, na categoria de \u201cMelhor \u00c1lbum de M\u00fasica de Ra\u00edzes em L\u00edngua Portuguesa\u201d, enquanto [&hellip;]<\/p><\/div><\/li><li  style=\"padding: 15px 0 25px\" class=\"rss_item\"><div class=\"rss_image\" style=\"height:150px;width:150px;\"><a href=\"https:\/\/www.culturalusa.net\/news\/cultura\/xutos-pontapes-e-barbara-tinoco-na-festa-do-livro-em-belem\/\" target=\"_blank\" rel=\" noopener\" title=\"Xutos &amp; Pontap\u00e9s e B\u00e1rbara Tinoco na Festa do Livro em Bel\u00e9m\" style=\"height:150px;width:150px;\"><img decoding=\"async\" src=\"https:\/\/www.culturalusa.net\/news\/wp-content\/uploads\/2025\/08\/Xutos-Pontapes-1-150x150.webp\" title=\"Xutos &amp; Pontap\u00e9s e B\u00e1rbara Tinoco na Festa do Livro em Bel\u00e9m\" style=\"height:150px;width:150px;\"><\/a><\/div><span class=\"title\"><a href=\"https:\/\/www.culturalusa.net\/news\/cultura\/xutos-pontapes-e-barbara-tinoco-na-festa-do-livro-em-belem\/\" target=\"_blank\" rel=\" noopener\">Xutos &amp; Pontap\u00e9s e B\u00e1rbara Tinoco na Festa do Livro em Bel\u00e9m<\/a><\/span><div class=\"rss_content\" style=\"\"><p>Concertos de Xutos &amp; Pontap\u00e9s, B\u00e1rbara Tinoco e Rui Veloso Trio e um debate sobre o futuro de Portugal, com Manuela Ferreira Leite e Ant\u00f3nio Barreto, integram a programa\u00e7\u00e3o deste ano da Festa do Livro em Bel\u00e9m. A 8.\u00aa Festa do Livro em Bel\u00e9m, iniciativa do [&hellip;]<\/p><\/div><\/li><li  style=\"padding: 15px 0 25px\" class=\"rss_item\"><div class=\"rss_image\" style=\"height:150px;width:150px;\"><a href=\"https:\/\/www.culturalusa.net\/news\/cultura\/the-gift-atuam-domingo-no-castelo-de-belmonte\/\" target=\"_blank\" rel=\" noopener\" title=\"The Gift atuam domingo no Castelo de Belmonte\" style=\"height:150px;width:150px;\"><img decoding=\"async\" src=\"https:\/\/www.culturalusa.net\/news\/wp-content\/uploads\/2025\/08\/The-Gift-atuam-Castelo-de-Belmonte-150x150.jpg\" title=\"The Gift atuam domingo no Castelo de Belmonte\" style=\"height:150px;width:150px;\"><\/a><\/div><span class=\"title\"><a href=\"https:\/\/www.culturalusa.net\/news\/cultura\/the-gift-atuam-domingo-no-castelo-de-belmonte\/\" target=\"_blank\" rel=\" noopener\">The Gift atuam domingo no Castelo de Belmonte<\/a><\/span><div class=\"rss_content\" style=\"\"><p>A banda The Gift apresenta o seu espet\u00e1culo \u2018Coral\u2019 no Castelo de Belmonte, num concerto com uma lota\u00e7\u00e3o de apenas mil lugares, integrado nos 20 anos da Feira Medieval da vila, que se realiza a partir de quinta-feira. Segundo o presidente da Empresa Municipal de [&hellip;]<\/p><\/div><\/li><li  style=\"padding: 15px 0 25px\" class=\"rss_item\"><div class=\"rss_image\" style=\"height:150px;width:150px;\"><a href=\"https:\/\/www.culturalusa.net\/news\/cultura\/festival-pedro-sampaio-ornatos-violeta-e-taxi-confirmados-no-festival-bliss-vibes\/\" target=\"_blank\" rel=\" noopener\" title=\"Festival:  Pedro Sampaio, Ornatos Violeta e Taxi confirmados no festival Bliss Vibes\" style=\"height:150px;width:150px;\"><img decoding=\"async\" src=\"https:\/\/www.culturalusa.net\/news\/wp-content\/uploads\/2025\/06\/festival-Bliss-Vibes-150x150.jpg\" title=\"Festival:  Pedro Sampaio, Ornatos Violeta e Taxi confirmados no festival Bliss Vibes\" style=\"height:150px;width:150px;\"><\/a><\/div><span class=\"title\"><a href=\"https:\/\/www.culturalusa.net\/news\/cultura\/festival-pedro-sampaio-ornatos-violeta-e-taxi-confirmados-no-festival-bliss-vibes\/\" target=\"_blank\" rel=\" noopener\">Festival:  Pedro Sampaio, Ornatos Violeta e Taxi confirmados no festival Bliss Vibes<\/a><\/span><div class=\"rss_content\" style=\"\"><p>Festival: Pedro Sampaio, Ornatos Violeta, Richie Campbell e Taxi s\u00e3o nomes confirmados para o festival Bliss Vibes, em Vila Franca do Campo, em S\u00e3o Miguel, nos A\u00e7ores, nos dias 17, 18 e 19 de julho, foi divulgado. Em nota de imprensa, a organiza\u00e7\u00e3o adianta que entre os [&hellip;]<\/p><\/div><\/li><li  style=\"padding: 15px 0 25px\" class=\"rss_item\"><div class=\"rss_image\" style=\"height:150px;width:150px;\"><a href=\"https:\/\/www.culturalusa.net\/news\/cultura\/antonio-zambujo-e-miguel-araujo-juntos-em-paris-e-londres-em-junho-e-julho\/\" target=\"_blank\" rel=\" noopener\" title=\"Ant\u00f3nio Zambujo e Miguel Ara\u00fajo juntos em Paris e Londres em junho e julho\" style=\"height:150px;width:150px;\"><img decoding=\"async\" src=\"https:\/\/www.culturalusa.net\/news\/wp-content\/uploads\/2025\/05\/Antonio-Zambujo-150x150.jpg\" title=\"Ant\u00f3nio Zambujo e Miguel Ara\u00fajo juntos em Paris e Londres em junho e julho\" style=\"height:150px;width:150px;\"><\/a><\/div><span class=\"title\"><a href=\"https:\/\/www.culturalusa.net\/news\/cultura\/antonio-zambujo-e-miguel-araujo-juntos-em-paris-e-londres-em-junho-e-julho\/\" target=\"_blank\" rel=\" noopener\">Ant\u00f3nio Zambujo e Miguel Ara\u00fajo juntos em Paris e Londres em junho e julho<\/a><\/span><div class=\"rss_content\" style=\"\"><p>Os m\u00fasicos Ant\u00f3nio Zambujo e Miguel Ara\u00fajo v\u00e3o atuar em Paris, em junho, e em Londres, no m\u00eas seguinte, para apresentar o seu espet\u00e1culo conjunto em palcos internacionais. De acordo com a agenda dos dois m\u00fasicos, o concerto no Le Trianon, na capital francesa, est\u00e1 [&hellip;]<\/p><\/div><\/li><li  style=\"padding: 15px 0 25px\" class=\"rss_item\"><div class=\"rss_image\" style=\"height:150px;width:150px;\"><a href=\"https:\/\/www.culturalusa.net\/news\/cultura\/gnr-com-data-extra-em-lisboa-na-celebracao-dos-45-anos-de-carreira\/\" target=\"_blank\" rel=\" noopener\" title=\"GNR com data extra em Lisboa na celebra\u00e7\u00e3o dos 45 anos de carreira\" style=\"height:150px;width:150px;\"><img decoding=\"async\" src=\"https:\/\/www.culturalusa.net\/news\/wp-content\/uploads\/2025\/05\/gnr_banda-150x150.jpg\" title=\"GNR com data extra em Lisboa na celebra\u00e7\u00e3o dos 45 anos de carreira\" style=\"height:150px;width:150px;\"><\/a><\/div><span class=\"title\"><a href=\"https:\/\/www.culturalusa.net\/news\/cultura\/gnr-com-data-extra-em-lisboa-na-celebracao-dos-45-anos-de-carreira\/\" target=\"_blank\" rel=\" noopener\">GNR com data extra em Lisboa na celebra\u00e7\u00e3o dos 45 anos de carreira<\/a><\/span><div class=\"rss_content\" style=\"\"><p>Os concertos de celebra\u00e7\u00e3o dos 45 anos de carreira dos GNR incluem mais uma data no Coliseu dos Recreios, em Lisboa, em 06 de novembro. \u201cDepois da segunda data confirmada no Coliseu do Porto, os GNR anunciam agora uma data extra tamb\u00e9m no Coliseu dos Recreios, em [&hellip;]<\/p><\/div><\/li><li  style=\"padding: 15px 0 25px\" class=\"rss_item\"><div class=\"rss_image\" style=\"height:150px;width:150px;\"><a href=\"https:\/\/www.culturalusa.net\/news\/cultura\/bad-bunny-afinal-dara-dois-concertos-em-lisboa-no-proximo-ano\/\" target=\"_blank\" rel=\" noopener\" title=\"Bad Bunny afinal dar\u00e1 dois concertos em Lisboa no pr\u00f3ximo ano\" style=\"height:150px;width:150px;\"><img decoding=\"async\" src=\"https:\/\/www.culturalusa.net\/news\/wp-content\/uploads\/2025\/05\/Bad-Bunny-150x150.jpg\" title=\"Bad Bunny afinal dar\u00e1 dois concertos em Lisboa no pr\u00f3ximo ano\" style=\"height:150px;width:150px;\"><\/a><\/div><span class=\"title\"><a href=\"https:\/\/www.culturalusa.net\/news\/cultura\/bad-bunny-afinal-dara-dois-concertos-em-lisboa-no-proximo-ano\/\" target=\"_blank\" rel=\" noopener\">Bad Bunny afinal dar\u00e1 dois concertos em Lisboa no pr\u00f3ximo ano<\/a><\/span><div class=\"rss_content\" style=\"\"><p>A passagem do cantor porto-riquenho Bad Bunny por Portugal, em maio do pr\u00f3ximo ano, ir\u00e1 incluir mais uma data, anunciou a promotora Live Nation Portugal. Na segunda-feira foi anunciado que o m\u00fasico atuaria no Est\u00e1dio da Luz, em Lisboa, no dia 26 de maio de 2026, no [&hellip;]<\/p><\/div><\/li><li  style=\"padding: 15px 0 25px\" class=\"rss_item\"><div class=\"rss_image\" style=\"height:150px;width:150px;\"><a href=\"https:\/\/www.culturalusa.net\/news\/cultura\/festival-porta-jazz-regressa-ao-rivoli-no-porto-a-31-de-janeiro\/\" target=\"_blank\" rel=\" noopener\" title=\"Festival : Porta-Jazz regressa ao Rivoli no Porto a 31 de janeiro\" style=\"height:150px;width:150px;\"><img decoding=\"async\" src=\"https:\/\/www.culturalusa.net\/news\/wp-content\/uploads\/2025\/01\/Festival-Porta-Jazz-150x150.jpg\" title=\"Festival : Porta-Jazz regressa ao Rivoli no Porto a 31 de janeiro\" style=\"height:150px;width:150px;\"><\/a><\/div><span class=\"title\"><a href=\"https:\/\/www.culturalusa.net\/news\/cultura\/festival-porta-jazz-regressa-ao-rivoli-no-porto-a-31-de-janeiro\/\" target=\"_blank\" rel=\" noopener\">Festival : Porta-Jazz regressa ao Rivoli no Porto a 31 de janeiro<\/a><\/span><div class=\"rss_content\" style=\"\"><p>O Festival Porta-Jazz regressa, entre 31 de janeiro e 02 de fevereiro, ao Teatro Rivoli, no Porto, para a 15.\u00aa edi\u00e7\u00e3o, com concertos, \u2018masterclasses\u2019, atividades para fam\u00edlias e \u2018jam sessions\u2019. Sob o lema \u201cContra o rel\u00f3gio, a favor do tempo\u201d, a 15.\u00aa [&hellip;]<\/p><\/div><\/li><\/ul> <\/div><style type=\"text\/css\" media=\"all\">.feedzy-rss .rss_item .rss_image{float:left;position:relative;border:none;text-decoration:none;max-width:100%}.feedzy-rss .rss_item .rss_image span{display:inline-block;position:absolute;width:100%;height:100%;background-position:50%;background-size:cover}.feedzy-rss .rss_item .rss_image{margin:.3em 1em 0 0;content-visibility:auto}.feedzy-rss ul{list-style:none}.feedzy-rss ul li{display:inline-block}<\/style>\n<\/div>\n<div class=\"box-rev\"><\/div>\n<div class=\"box-rev\" style=\"border-color: #888;\">\n<div style=\"clear: both; text-align: center; font-size: 18px;\"><a class=\"button white btn-left\" href=\"https:\/\/www.culturalusa.com\/news\/agenda\/spectacles-a-la-une\/\" target=\"_self\" rel=\"noopener noreferrer\"><span class=\"btn_caption\"><strong>Concerts &amp; Festivals<\/strong><\/span><\/a> | <a class=\"button gray btn-left\" href=\"https:\/\/www.culturalusa.com\/news\/agenda\/concerts-musique-classique\/\" target=\"_self\" rel=\"noopener noreferrer\"><span class=\"btn_caption\"><strong>Musique Classique<\/strong><\/span><\/a> | <a class=\"button gray btn-left\" href=\"https:\/\/www.culturalusa.com\/news\/agenda\/concerts-pop-rock-electro\/\" target=\"_self\" rel=\"noopener noreferrer\"><span class=\"btn_caption\"><strong>Concerts Pop Rock<\/strong><\/span><\/a> | <a class=\"button white btn-left\" href=\"https:\/\/www.culturalusa.com\/news\/agenda\/evenements-lusophones\/\" target=\"_self\" rel=\"noopener noreferrer\"><span class=\"btn_caption\"><strong>Ev\u00e9nements Lusophones<\/strong><\/span><\/a><\/div>\n<\/div>\n<h4 style=\"text-align: center; background: #cd1713 none repeat scroll 0 0; color: #fff; margin: 20px 5px 10px; padding: 3px 7px;\">Advertisement \u2013 Annonces<\/h4>\n<p style=\"text-align: center;\"><a title=\"Apprenez une langue en 8 semaines\" href=\"https:\/\/www.culturalusa.com\/news\/boutique\/objectif-langues\/\"><img decoding=\"async\" style=\"box-shadow: 1px 1px 4px #222222; border-radius: 6px; width: 98%;\" src=\"https:\/\/www.culturalusa.com\/images\/banner-objectif-langues.jpg\" alt=\"Objectif Langues\" \/><\/a><\/p>\n<h4 style=\"text-align: center; background: #cd1713 none repeat scroll 0 0; color: #fff; margin: 20px 5px 10px; padding: 3px 7px;\">Advertisement \u2013 Annonces<\/h4>\n<p style=\"text-align: center;\"><a title=\"Cr\u00e9ation de Site en ligne\" href=\"https:\/\/www.web-serveur.eu\/creation-site-web.html\" target=\"_blank\" rel=\"noopener noreferrer\"><img decoding=\"async\" style=\"box-shadow: 1px 1px 4px #222222; border-radius: 6px; width: 98%;\" src=\"https:\/\/www.culturalusa.com\/images\/creation-site-online.jpg\" alt=\"H\u00e9bergement web\" border=\"0\" \/><\/a><\/p>\n<hr \/>\n<p><iframe loading=\"lazy\" src=\"https:\/\/www.youtube.com\/embed\/rO-McbaFC10\" width=\"100%\" height=\"450\" frameborder=\"0\" allowfullscreen=\"allowfullscreen\"><\/iframe><\/p>\n","protected":false},"excerpt":{"rendered":"<p>Toute l\u2019actualit\u00e9, concerts, culture, festivals, en direct et en continu \u2013 fil info PT Retrouvez en un coup d\u2019\u0153il, de fa\u00e7on simple et rapide, toutes les actus de ces derni\u00e8res 24 heures sur notre fil info. Concerts &amp; Festivals | Musique Classique | Concerts Pop Rock | Ev\u00e9nements Lusophones Advertisement \u2013 Annonces Advertisement \u2013 Annonces<\/p>\n","protected":false},"author":1,"featured_media":0,"parent":2,"menu_order":0,"comment_status":"open","ping_status":"closed","template":"","meta":{"footnotes":""},"class_list":["post-287","page","type-page","status-publish","hentry"],"aioseo_notices":[],"_links":{"self":[{"href":"https:\/\/www.culturalusa.com\/news\/wp-json\/wp\/v2\/pages\/287","targetHints":{"allow":["GET"]}}],"collection":[{"href":"https:\/\/www.culturalusa.com\/news\/wp-json\/wp\/v2\/pages"}],"about":[{"href":"https:\/\/www.culturalusa.com\/news\/wp-json\/wp\/v2\/types\/page"}],"author":[{"embeddable":true,"href":"https:\/\/www.culturalusa.com\/news\/wp-json\/wp\/v2\/users\/1"}],"replies":[{"embeddable":true,"href":"https:\/\/www.culturalusa.com\/news\/wp-json\/wp\/v2\/comments?post=287"}],"version-history":[{"count":7,"href":"https:\/\/www.culturalusa.com\/news\/wp-json\/wp\/v2\/pages\/287\/revisions"}],"predecessor-version":[{"id":13080,"href":"https:\/\/www.culturalusa.com\/news\/wp-json\/wp\/v2\/pages\/287\/revisions\/13080"}],"up":[{"embeddable":true,"href":"https:\/\/www.culturalusa.com\/news\/wp-json\/wp\/v2\/pages\/2"}],"wp:attachment":[{"href":"https:\/\/www.culturalusa.com\/news\/wp-json\/wp\/v2\/media?parent=287"}],"curies":[{"name":"wp","href":"https:\/\/api.w.org\/{rel}","templated":true}]}}