{"id":6710,"date":"2020-02-21T13:28:57","date_gmt":"2020-02-21T12:28:57","guid":{"rendered":"https:\/\/www.culturalusa.com\/news\/?page_id=6710"},"modified":"2024-11-19T17:42:04","modified_gmt":"2024-11-19T16:42:04","slug":"belgique-news","status":"publish","type":"page","link":"https:\/\/www.culturalusa.com\/news\/belgique-news\/","title":{"rendered":"Belgique News"},"content":{"rendered":"<div class=\"box-rev\">\n<p><img decoding=\"async\" src=\"https:\/\/www.culturalusa.com\/news\/wp-content\/uploads\/2020\/09\/belgique-news.jpg\" alt=\"\" width=\"100%\" \/><\/p>\n<h3><strong>Toute l&rsquo;actualit\u00e9 belge<\/strong> en direct et en continu &#8211; fil info &#8211; RTBF<\/h3>\n<p style=\"margin: 0 0 5px;\">Retrouvez en un coup d\u2019\u0153il, de fa\u00e7on simple et rapide, toutes les actus de ces derni\u00e8res 24 heures sur notre fil info.<\/p>\n<div class=\"feedzy-3f74fe234ba879c468ea921f200dfe42 feedzy-rss\"><ul><li  style=\"padding: 15px 0 25px\" class=\"rss_item\"><div class=\"rss_image\" style=\"height:150px;width:150px;\"><a href=\"https:\/\/www.rtbf.be\/article\/prix-alimentaires-pourquoi-votre-ticket-de-caisse-risque-d-augmenter-dans-les-prochaines-semaines-11716894\" target=\"_blank\" rel=\" noopener\" title=\"Prix alimentaires\u00a0: pourquoi votre ticket de caisse risque d\u2019augmenter dans les prochaines semaines\" style=\"height:150px;width:150px;\"><img decoding=\"async\" src=\"https:\/\/static-content.rtbf.be\/article\/image\/770x433\/8\/e\/c\/7a9c2774b71201ae174e1b871bb73da2.jpg\" title=\"Prix alimentaires\u00a0: pourquoi votre ticket de caisse risque d\u2019augmenter dans les prochaines semaines\" style=\"height:150px;width:150px;\"><\/a><\/div><span class=\"title\"><a href=\"https:\/\/www.rtbf.be\/article\/prix-alimentaires-pourquoi-votre-ticket-de-caisse-risque-d-augmenter-dans-les-prochaines-semaines-11716894\" target=\"_blank\" rel=\" noopener\">Prix alimentaires\u00a0: pourquoi votre ticket de caisse risque d\u2019augmenter dans les prochaines semaines<\/a><\/span><div class=\"rss_content\" style=\"\"><small>le 29 avril 2026 \u00e0 10:32 <\/small><p>Apr\u00e8s plusieurs semaines de tensions au Moyen-Orient, les r\u00e9percussions \u00e9conomiques commencent \u00e0 se faire sentir jusque...<\/p><\/div><\/li><li  style=\"padding: 15px 0 25px\" class=\"rss_item\"><div class=\"rss_image\" style=\"height:150px;width:150px;\"><a href=\"https:\/\/www.rtbf.be\/article\/reportage-avec-ceux-qui-vivent-sous-bracelet-electronique-une-laisse-pour-certains-une-seconde-chance-pour-d-autres-11711137\" target=\"_blank\" rel=\" noopener\" title=\"Reportage avec ceux qui vivent sous bracelet \u00e9lectronique\u00a0: une laisse pour certains, une seconde chance pour d\u2019autres\" style=\"height:150px;width:150px;\"><img decoding=\"async\" src=\"https:\/\/static-content.rtbf.be\/article\/image\/770x433\/8\/7\/f\/b8ac714b77af20aa85d61547a93508bb.jpg\" title=\"Reportage avec ceux qui vivent sous bracelet \u00e9lectronique\u00a0: une laisse pour certains, une seconde chance pour d\u2019autres\" style=\"height:150px;width:150px;\"><\/a><\/div><span class=\"title\"><a href=\"https:\/\/www.rtbf.be\/article\/reportage-avec-ceux-qui-vivent-sous-bracelet-electronique-une-laisse-pour-certains-une-seconde-chance-pour-d-autres-11711137\" target=\"_blank\" rel=\" noopener\">Reportage avec ceux qui vivent sous bracelet \u00e9lectronique\u00a0: une laisse pour certains, une seconde chance pour d\u2019autres<\/a><\/span><div class=\"rss_content\" style=\"\"><small>le 29 avril 2026 \u00e0 09:58 <\/small><p>Nous embarquons dans le v\u00e9hicule de Youssef, agent de l\u2019\u00e9quipe mobile de surveillance \u00e9lectronique depuis douze ans....<\/p><\/div><\/li><li  style=\"padding: 15px 0 25px\" class=\"rss_item\"><div class=\"rss_image\" style=\"height:150px;width:150px;\"><a href=\"https:\/\/www.rtbf.be\/article\/loi-programme-seance-chaotique-a-la-chambre-et-vifs-echanges-entre-majorite-et-opposition-11716950\" target=\"_blank\" rel=\" noopener\" title=\"Loi-programme\u00a0: s\u00e9ance chaotique \u00e0 la Chambre et vifs \u00e9changes entre majorit\u00e9 et opposition\" style=\"height:150px;width:150px;\"><img decoding=\"async\" src=\"https:\/\/static-content.rtbf.be\/article\/image\/770x433\/4\/9\/6\/072d4af1eb25f4fbb3783ff12770eab2.jpg\" title=\"Loi-programme\u00a0: s\u00e9ance chaotique \u00e0 la Chambre et vifs \u00e9changes entre majorit\u00e9 et opposition\" style=\"height:150px;width:150px;\"><\/a><\/div><span class=\"title\"><a href=\"https:\/\/www.rtbf.be\/article\/loi-programme-seance-chaotique-a-la-chambre-et-vifs-echanges-entre-majorite-et-opposition-11716950\" target=\"_blank\" rel=\" noopener\">Loi-programme\u00a0: s\u00e9ance chaotique \u00e0 la Chambre et vifs \u00e9changes entre majorit\u00e9 et opposition<\/a><\/span><div class=\"rss_content\" style=\"\"><small>le 29 avril 2026 \u00e0 09:40 <\/small><p>La loi-programme contient les mesures destin\u00e9es \u00e0 mettre en \u0153uvre le budget 2026, dont certaines sont tr\u00e8s contest\u00e9es,...<\/p><\/div><\/li><li  style=\"padding: 15px 0 25px\" class=\"rss_item\"><div class=\"rss_image\" style=\"height:150px;width:150px;\"><a href=\"https:\/\/www.rtbf.be\/article\/direct-guerre-au-moyen-orient-les-iraniens-ont-interet-a-devenir-intelligents-et-vite-menace-trump-11716800\" target=\"_blank\" rel=\" noopener\" title=\"Direct \u2013 Guerre au Moyen-Orient\u00a0: les Iraniens \"ont int\u00e9r\u00eat \u00e0 devenir intelligents, et vite!\", menace Trump\" style=\"height:150px;width:150px;\"><img decoding=\"async\" src=\"https:\/\/static-content.rtbf.be\/article\/image\/770x433\/d\/1\/b\/781efa8380fed0ea0cc48d0dbd03c146.jpg\" title=\"Direct \u2013 Guerre au Moyen-Orient\u00a0: les Iraniens &quot;ont int\u00e9r\u00eat \u00e0 devenir intelligents, et vite!&quot;, menace Trump\" style=\"height:150px;width:150px;\"><\/a><\/div><span class=\"title\"><a href=\"https:\/\/www.rtbf.be\/article\/direct-guerre-au-moyen-orient-les-iraniens-ont-interet-a-devenir-intelligents-et-vite-menace-trump-11716800\" target=\"_blank\" rel=\" noopener\">Direct \u2013 Guerre au Moyen-Orient\u00a0: les Iraniens \"ont int\u00e9r\u00eat \u00e0 devenir intelligents, et vite!\", menace Trump<\/a><\/span><div class=\"rss_content\" style=\"\"><small>le 29 avril 2026 \u00e0 09:13 <\/small><p>Une nouvelle publication du tableau de bord de l\u2019Onu Commerce et D\u00e9veloppement (CNUCED) surveille les prix de...<\/p><\/div><\/li><li  style=\"padding: 15px 0 25px\" class=\"rss_item\"><div class=\"rss_image\" style=\"height:150px;width:150px;\"><a href=\"https:\/\/www.rtbf.be\/article\/collision-entre-deux-trains-en-indonesie-le-bilan-monte-a-16-morts-toutes-des-femmes-11716911\" target=\"_blank\" rel=\" noopener\" title=\"Collision entre deux trains en Indon\u00e9sie : le bilan monte \u00e0 16 morts, toutes des femmes\" style=\"height:150px;width:150px;\"><img decoding=\"async\" src=\"https:\/\/static-content.rtbf.be\/article\/image\/770x433\/f\/3\/c\/f02aa57184eb051c8b8520043e4e0a27.jpg\" title=\"Collision entre deux trains en Indon\u00e9sie : le bilan monte \u00e0 16 morts, toutes des femmes\" style=\"height:150px;width:150px;\"><\/a><\/div><span class=\"title\"><a href=\"https:\/\/www.rtbf.be\/article\/collision-entre-deux-trains-en-indonesie-le-bilan-monte-a-16-morts-toutes-des-femmes-11716911\" target=\"_blank\" rel=\" noopener\">Collision entre deux trains en Indon\u00e9sie : le bilan monte \u00e0 16 morts, toutes des femmes<\/a><\/span><div class=\"rss_content\" style=\"\"><small>le 29 avril 2026 \u00e0 09:02 <\/small><p>L'accident s'est produit lundi soir lorsqu'un train de banlieue a \u00e9t\u00e9 percut\u00e9 par un train de grande ligne pr\u00e8s de la...<\/p><\/div><\/li><li  style=\"padding: 15px 0 25px\" class=\"rss_item\"><div class=\"rss_image\" style=\"height:150px;width:150px;\"><a href=\"https:\/\/www.rtbf.be\/article\/allemagne-timmy-la-baleine-a-bosse-echouee-emmenee-en-mer-du-nord-par-un-nouveau-remorqueur-11716902\" target=\"_blank\" rel=\" noopener\" title=\"Allemagne : Timmy, la baleine \u00e0 bosse \u00e9chou\u00e9e, emmen\u00e9e en mer du Nord par un nouveau remorqueur\" style=\"height:150px;width:150px;\"><img decoding=\"async\" src=\"https:\/\/static-content.rtbf.be\/article\/image\/770x433\/5\/f\/5\/425715b2f95a811a790bbb64caf15ee3.jpg\" title=\"Allemagne : Timmy, la baleine \u00e0 bosse \u00e9chou\u00e9e, emmen\u00e9e en mer du Nord par un nouveau remorqueur\" style=\"height:150px;width:150px;\"><\/a><\/div><span class=\"title\"><a href=\"https:\/\/www.rtbf.be\/article\/allemagne-timmy-la-baleine-a-bosse-echouee-emmenee-en-mer-du-nord-par-un-nouveau-remorqueur-11716902\" target=\"_blank\" rel=\" noopener\">Allemagne : Timmy, la baleine \u00e0 bosse \u00e9chou\u00e9e, emmen\u00e9e en mer du Nord par un nouveau remorqueur<\/a><\/span><div class=\"rss_content\" style=\"\"><small>le 29 avril 2026 \u00e0 08:56 <\/small><p>Mardi soir, le remorqueur Robin Hood a pris en charge la barge, une sorte de bassin flottant contenant la baleine, \u00e0 la...<\/p><\/div><\/li><li  style=\"padding: 15px 0 25px\" class=\"rss_item\"><div class=\"rss_image\" style=\"height:150px;width:150px;\"><a href=\"https:\/\/www.rtbf.be\/article\/action-etoile-un-individu-arrete-avec-70-boulettes-de-drogue-dans-son-organisme-11716880\" target=\"_blank\" rel=\" noopener\" title=\"Action \u00c9toile\u00a0: un individu arr\u00eat\u00e9 avec 70 boulettes de drogue dans son organisme\" style=\"height:150px;width:150px;\"><img decoding=\"async\" src=\"https:\/\/static-content.rtbf.be\/article\/image\/770x433\/9\/6\/6\/6d0569bd224921b0962fab7328c7425c.jpg\" title=\"Action \u00c9toile\u00a0: un individu arr\u00eat\u00e9 avec 70 boulettes de drogue dans son organisme\" style=\"height:150px;width:150px;\"><\/a><\/div><span class=\"title\"><a href=\"https:\/\/www.rtbf.be\/article\/action-etoile-un-individu-arrete-avec-70-boulettes-de-drogue-dans-son-organisme-11716880\" target=\"_blank\" rel=\" noopener\">Action \u00c9toile\u00a0: un individu arr\u00eat\u00e9 avec 70 boulettes de drogue dans son organisme<\/a><\/span><div class=\"rss_content\" style=\"\"><small>le 29 avril 2026 \u00e0 08:31 <\/small><p>Cette seconde action transfrontali\u00e8re de l\u2019ann\u00e9e ciblait les r\u00e9seaux de distribution de drogue. Elle a \u00e9t\u00e9 men\u00e9e du...<\/p><\/div><\/li><li  style=\"padding: 15px 0 25px\" class=\"rss_item\"><div class=\"rss_image\" style=\"height:150px;width:150px;\"><a href=\"https:\/\/www.rtbf.be\/article\/la-wallonie-publie-sa-premiere-liste-rouge-officielle-des-plantes-indigenes-menacees-11716547\" target=\"_blank\" rel=\" noopener\" title=\"La Wallonie publie sa premi\u00e8re \"Liste rouge officielle des plantes indig\u00e8nes\" menac\u00e9es\" style=\"height:150px;width:150px;\"><img decoding=\"async\" src=\"https:\/\/static-content.rtbf.be\/article\/image\/770x433\/4\/c\/7\/e659b7b4db7308b1331af7ba26de39fb.jpg\" title=\"La Wallonie publie sa premi\u00e8re &quot;Liste rouge officielle des plantes indig\u00e8nes&quot; menac\u00e9es\" style=\"height:150px;width:150px;\"><\/a><\/div><span class=\"title\"><a href=\"https:\/\/www.rtbf.be\/article\/la-wallonie-publie-sa-premiere-liste-rouge-officielle-des-plantes-indigenes-menacees-11716547\" target=\"_blank\" rel=\" noopener\">La Wallonie publie sa premi\u00e8re \"Liste rouge officielle des plantes indig\u00e8nes\" menac\u00e9es<\/a><\/span><div class=\"rss_content\" style=\"\"><small>le 29 avril 2026 \u00e0 07:46 <\/small><p>C\u2019est un thermom\u00e8tre discret, mais pr\u00e9cieux, de la sant\u00e9 du vivant. La Wallonie s\u2019est dot\u00e9e, ce mardi 28\u00a0avril...<\/p><\/div><\/li><li  style=\"padding: 15px 0 25px\" class=\"rss_item\"><div class=\"rss_image\" style=\"height:150px;width:150px;\"><a href=\"https:\/\/www.rtbf.be\/article\/l-accord-ue-mercosur-represente-une-defaite-democratique-assene-l-eurodeputee-saskia-bricmont-11716813\" target=\"_blank\" rel=\" noopener\" title=\"L\u2019accord UE-Mercosur repr\u00e9sente une \"d\u00e9faite d\u00e9mocratique\", ass\u00e8ne l\u2019eurod\u00e9put\u00e9e Saskia Bricmont\" style=\"height:150px;width:150px;\"><img decoding=\"async\" src=\"https:\/\/static-content.rtbf.be\/article\/image\/770x433\/f\/5\/5\/6c0c486eadafed8651784078180ed29d.jpg\" title=\"L\u2019accord UE-Mercosur repr\u00e9sente une &quot;d\u00e9faite d\u00e9mocratique&quot;, ass\u00e8ne l\u2019eurod\u00e9put\u00e9e Saskia Bricmont\" style=\"height:150px;width:150px;\"><\/a><\/div><span class=\"title\"><a href=\"https:\/\/www.rtbf.be\/article\/l-accord-ue-mercosur-represente-une-defaite-democratique-assene-l-eurodeputee-saskia-bricmont-11716813\" target=\"_blank\" rel=\" noopener\">L\u2019accord UE-Mercosur repr\u00e9sente une \"d\u00e9faite d\u00e9mocratique\", ass\u00e8ne l\u2019eurod\u00e9put\u00e9e Saskia Bricmont<\/a><\/span><div class=\"rss_content\" style=\"\"><small>le 29 avril 2026 \u00e0 07:32 <\/small><p>L\u2019accord de libre-\u00e9change commercial entre l\u2019Union europ\u00e9enne (UE) et les pays sud-am\u00e9ricains du Mercosur (Argentine,...<\/p><\/div><\/li><li  style=\"padding: 15px 0 25px\" class=\"rss_item\"><div class=\"rss_image\" style=\"height:150px;width:150px;\"><a href=\"https:\/\/www.rtbf.be\/article\/la-revue-de-presse-vous-echangeriez-votre-baril-contre-de-l-eolien-11716837\" target=\"_blank\" rel=\" noopener\" title=\"La revue de presse\u00a0: vous \u00e9changeriez votre baril contre de l\u2019\u00e9olien\u00a0?\" style=\"height:150px;width:150px;\"><img decoding=\"async\" src=\"https:\/\/static-content.rtbf.be\/article\/image\/770x433\/8\/8\/a\/85883fd55f59b9e94b98d26d925fa5f0.jpg\" title=\"La revue de presse\u00a0: vous \u00e9changeriez votre baril contre de l\u2019\u00e9olien\u00a0?\" style=\"height:150px;width:150px;\"><\/a><\/div><span class=\"title\"><a href=\"https:\/\/www.rtbf.be\/article\/la-revue-de-presse-vous-echangeriez-votre-baril-contre-de-l-eolien-11716837\" target=\"_blank\" rel=\" noopener\">La revue de presse\u00a0: vous \u00e9changeriez votre baril contre de l\u2019\u00e9olien\u00a0?<\/a><\/span><div class=\"rss_content\" style=\"\"><small>le 29 avril 2026 \u00e0 07:26 <\/small><p>Coup dur pour l\u2019Opep. Coup dur pour son chef de file (de facto, l\u2019Arabie saoudite) et petite victoire pour Donald Trump,...<\/p><\/div><\/li><li  style=\"padding: 15px 0 25px\" class=\"rss_item\"><div class=\"rss_image\" style=\"height:150px;width:150px;\"><a href=\"https:\/\/www.rtbf.be\/article\/l-eau-arme-de-domination-et-crime-de-guerre-d-israel-contre-les-palestiniens-selon-medecins-sans-frontieres-11716449\" target=\"_blank\" rel=\" noopener\" title=\"L\u2019eau, arme de domination et crime de guerre d\u2019Isra\u00ebl contre les Palestiniens, selon M\u00e9decins Sans Fronti\u00e8res\" style=\"height:150px;width:150px;\"><img decoding=\"async\" src=\"https:\/\/static-content.rtbf.be\/article\/image\/770x433\/0\/a\/a\/c50ed002b6c2ebbc6d32d540584fadf9.jpg\" title=\"L\u2019eau, arme de domination et crime de guerre d\u2019Isra\u00ebl contre les Palestiniens, selon M\u00e9decins Sans Fronti\u00e8res\" style=\"height:150px;width:150px;\"><\/a><\/div><span class=\"title\"><a href=\"https:\/\/www.rtbf.be\/article\/l-eau-arme-de-domination-et-crime-de-guerre-d-israel-contre-les-palestiniens-selon-medecins-sans-frontieres-11716449\" target=\"_blank\" rel=\" noopener\">L\u2019eau, arme de domination et crime de guerre d\u2019Isra\u00ebl contre les Palestiniens, selon M\u00e9decins Sans Fronti\u00e8res<\/a><\/span><div class=\"rss_content\" style=\"\"><small>le 29 avril 2026 \u00e0 07:25 <\/small><p>\"Ce que l\u2019on constate, c\u2019est que les autorit\u00e9s isra\u00e9liennes continuent de d\u00e9truire les conditions m\u00eames de la vie...<\/p><\/div><\/li><li  style=\"padding: 15px 0 25px\" class=\"rss_item\"><div class=\"rss_image\" style=\"height:150px;width:150px;\"><a href=\"https:\/\/www.rtbf.be\/article\/les-critiques-d-hugues-dayez-le-diable-s-habille-en-prada-2-une-suite-reussie-et-inventive-20-ans-apres-11716466\" target=\"_blank\" rel=\" noopener\" title=\"Les critiques d\u2019Hugues Dayez\u00a0: \"Le Diable s\u2019habille en Prada 2\", une suite r\u00e9ussie et inventive 20 ans apr\u00e8s\" style=\"height:150px;width:150px;\"><img decoding=\"async\" src=\"https:\/\/static-content.rtbf.be\/article\/image\/770x433\/4\/8\/b\/af65e0513a67f2967fcec9a25ce8b8ac.jpg\" title=\"Les critiques d\u2019Hugues Dayez\u00a0: &quot;Le Diable s\u2019habille en Prada 2&quot;, une suite r\u00e9ussie et inventive 20 ans apr\u00e8s\" style=\"height:150px;width:150px;\"><\/a><\/div><span class=\"title\"><a href=\"https:\/\/www.rtbf.be\/article\/les-critiques-d-hugues-dayez-le-diable-s-habille-en-prada-2-une-suite-reussie-et-inventive-20-ans-apres-11716466\" target=\"_blank\" rel=\" noopener\">Les critiques d\u2019Hugues Dayez\u00a0: \"Le Diable s\u2019habille en Prada 2\", une suite r\u00e9ussie et inventive 20 ans apr\u00e8s<\/a><\/span><div class=\"rss_content\" style=\"\"><small>le 29 avril 2026 \u00e0 07:05 <\/small><p>Petit rappel des faits\u00a0: dans le film originel, on suivait les premiers pas d\u2019Andrea Sachs (Anne Hathaway), aspirante...<\/p><\/div><\/li><\/ul> <\/div><style type=\"text\/css\" media=\"all\">.feedzy-rss .rss_item .rss_image{float:left;position:relative;border:none;text-decoration:none;max-width:100%}.feedzy-rss .rss_item .rss_image span{display:inline-block;position:absolute;width:100%;height:100%;background-position:50%;background-size:cover}.feedzy-rss .rss_item .rss_image{margin:.3em 1em 0 0;content-visibility:auto}.feedzy-rss ul{list-style:none}.feedzy-rss ul li{display:inline-block}<\/style>\n<div class=\"feedzy-65165547aa8fa66e47b2985100de0d31 feedzy-rss\"><ul><li  style=\"padding: 15px 0 25px\" class=\"rss_item\"><div class=\"rss_image\" style=\"height:150px;width:150px;\"><a href=\"https:\/\/www.rtbf.be\/article\/fausses-voix-generees-par-ia-la-methode-rip-du-professeur-faky-pour-ne-pas-se-faire-avoir-11712976\" target=\"_blank\" rel=\" noopener\" title=\"Fausses voix g\u00e9n\u00e9r\u00e9es par IA\u00a0: la m\u00e9thode \"RIP\" du professeur Faky pour ne pas se faire avoir\" style=\"height:150px;width:150px;\"><img decoding=\"async\" src=\"https:\/\/static-content.rtbf.be\/article\/image\/770x433\/c\/6\/5\/c247a8b13e1554e3d1c3930fc111902d.jpg\" title=\"Fausses voix g\u00e9n\u00e9r\u00e9es par IA\u00a0: la m\u00e9thode &quot;RIP&quot; du professeur Faky pour ne pas se faire avoir\" style=\"height:150px;width:150px;\"><\/a><\/div><span class=\"title\"><a href=\"https:\/\/www.rtbf.be\/article\/fausses-voix-generees-par-ia-la-methode-rip-du-professeur-faky-pour-ne-pas-se-faire-avoir-11712976\" target=\"_blank\" rel=\" noopener\">Fausses voix g\u00e9n\u00e9r\u00e9es par IA\u00a0: la m\u00e9thode \"RIP\" du professeur Faky pour ne pas se faire avoir<\/a><\/span><div class=\"rss_content\" style=\"\"><small>le 29 avril 2026 \u00e0 06:52 <\/small><p>Avec l\u2019intelligence artificielle, c\u2019est devenu tr\u00e8s facile de voler la voix de quelqu\u2019un, de la cloner pour lui faire...<\/p><\/div><\/li><li  style=\"padding: 15px 0 25px\" class=\"rss_item\"><div class=\"rss_image\" style=\"height:150px;width:150px;\"><a href=\"https:\/\/www.rtbf.be\/article\/nouvelle-fronde-chez-google-560-ingenieurs-contre-l-abandon-des-principes-ethiques-sur-l-ia-militaire-11714027\" target=\"_blank\" rel=\" noopener\" title=\"Nouvelle fronde chez Google : 560 ing\u00e9nieurs contre l'abandon des principes \u00e9thiques sur l'IA militaire\" style=\"height:150px;width:150px;\"><img decoding=\"async\" src=\"https:\/\/static-content.rtbf.be\/article\/image\/770x433\/8\/a\/7\/0375a8db865d792dc2b15e16d8e909ac.jpg\" title=\"Nouvelle fronde chez Google : 560 ing\u00e9nieurs contre l&#039;abandon des principes \u00e9thiques sur l&#039;IA militaire\" style=\"height:150px;width:150px;\"><\/a><\/div><span class=\"title\"><a href=\"https:\/\/www.rtbf.be\/article\/nouvelle-fronde-chez-google-560-ingenieurs-contre-l-abandon-des-principes-ethiques-sur-l-ia-militaire-11714027\" target=\"_blank\" rel=\" noopener\">Nouvelle fronde chez Google : 560 ing\u00e9nieurs contre l'abandon des principes \u00e9thiques sur l'IA militaire<\/a><\/span><div class=\"rss_content\" style=\"\"><small>le 28 avril 2026 \u00e0 13:14 <\/small><p>Sundar Pichai, le patron mondial de Google, a d\u00e9couvert lundi matin dans sa bo\u00eete mail une lettre ouverte sign\u00e9e par 560...<\/p><\/div><\/li><li  style=\"padding: 15px 0 25px\" class=\"rss_item\"><div class=\"rss_image\" style=\"height:150px;width:150px;\"><a href=\"https:\/\/www.rtbf.be\/article\/selon-le-pdg-de-l-ia-perplexity-l-iphone-n-est-pas-pres-de-disparaitre-11716388\" target=\"_blank\" rel=\" noopener\" title=\"Selon le PDG de l'IA Perplexity, l\u2019iPhone n\u2019est pas pr\u00e8s de dispara\u00eetre\" style=\"height:150px;width:150px;\"><img decoding=\"async\" src=\"https:\/\/static-content.rtbf.be\/article\/image\/770x433\/f\/1\/f\/fa3470a6704b73cf6e5235b66fa00424.jpg\" title=\"Selon le PDG de l&#039;IA Perplexity, l\u2019iPhone n\u2019est pas pr\u00e8s de dispara\u00eetre\" style=\"height:150px;width:150px;\"><\/a><\/div><span class=\"title\"><a href=\"https:\/\/www.rtbf.be\/article\/selon-le-pdg-de-l-ia-perplexity-l-iphone-n-est-pas-pres-de-disparaitre-11716388\" target=\"_blank\" rel=\" noopener\">Selon le PDG de l'IA Perplexity, l\u2019iPhone n\u2019est pas pr\u00e8s de dispara\u00eetre<\/a><\/span><div class=\"rss_content\" style=\"\"><small>le 28 avril 2026 \u00e0 13:00 <\/small><p>Dans une interview accord\u00e9e \u00e0 Jason Calacanis, pr\u00e9sentateur du podcast \"This week in AI\", Aravind Srinivas, le PDG de...<\/p><\/div><\/li><li  style=\"padding: 15px 0 25px\" class=\"rss_item\"><div class=\"rss_image\" style=\"height:150px;width:150px;\"><a href=\"https:\/\/www.rtbf.be\/article\/tesla-elon-musk-confirme-une-mauvaise-nouvelle-concernant-la-conduite-autonome-11716336\" target=\"_blank\" rel=\" noopener\" title=\"Tesla : Elon Musk confirme une mauvaise nouvelle concernant la conduite autonome\" style=\"height:150px;width:150px;\"><img decoding=\"async\" src=\"https:\/\/static-content.rtbf.be\/article\/image\/770x433\/6\/f\/0\/b81c4692d0370f13247f48bbe8df9fa1.jpg\" title=\"Tesla : Elon Musk confirme une mauvaise nouvelle concernant la conduite autonome\" style=\"height:150px;width:150px;\"><\/a><\/div><span class=\"title\"><a href=\"https:\/\/www.rtbf.be\/article\/tesla-elon-musk-confirme-une-mauvaise-nouvelle-concernant-la-conduite-autonome-11716336\" target=\"_blank\" rel=\" noopener\">Tesla : Elon Musk confirme une mauvaise nouvelle concernant la conduite autonome<\/a><\/span><div class=\"rss_content\" style=\"\"><small>le 28 avril 2026 \u00e0 08:00 <\/small><p>Elon Musk fait marche-arri\u00e8re, et revient sur sa promesse. La conduite autonome sans supervision ne sera pas disponible...<\/p><\/div><\/li><li  style=\"padding: 15px 0 25px\" class=\"rss_item\"><div class=\"rss_image\" style=\"height:150px;width:150px;\"><a href=\"https:\/\/www.rtbf.be\/article\/banques-spf-hopitaux-communes-il-faut-digitaliser-mais-quelle-place-pour-les-citoyens-11715285\" target=\"_blank\" rel=\" noopener\" title=\"Banques, SPF, h\u00f4pitaux, communes : il \"faut\" digitaliser, mais quelle place pour les citoyens\u00a0?\" style=\"height:150px;width:150px;\"><img decoding=\"async\" src=\"https:\/\/static-content.rtbf.be\/article\/image\/770x433\/6\/7\/5\/73fa946564e824b1a32f76a8c278a3be.jpg\" title=\"Banques, SPF, h\u00f4pitaux, communes : il &quot;faut&quot; digitaliser, mais quelle place pour les citoyens\u00a0?\" style=\"height:150px;width:150px;\"><\/a><\/div><span class=\"title\"><a href=\"https:\/\/www.rtbf.be\/article\/banques-spf-hopitaux-communes-il-faut-digitaliser-mais-quelle-place-pour-les-citoyens-11715285\" target=\"_blank\" rel=\" noopener\">Banques, SPF, h\u00f4pitaux, communes : il \"faut\" digitaliser, mais quelle place pour les citoyens\u00a0?<\/a><\/span><div class=\"rss_content\" style=\"\"><small>le 28 avril 2026 \u00e0 06:00 <\/small><p>La digitalisation des services dits \"essentiels\" est massive. On parle\u00a0ici des services publics mais aussi des services...<\/p><\/div><\/li><li  style=\"padding: 15px 0 25px\" class=\"rss_item\"><div class=\"rss_image\" style=\"height:150px;width:150px;\"><a href=\"https:\/\/www.rtbf.be\/article\/l-union-europeenne-veut-forcer-google-a-ouvrir-android-aux-ia-rivales-11716151\" target=\"_blank\" rel=\" noopener\" title=\"L'Union europ\u00e9enne veut forcer Google \u00e0 ouvrir Android aux IA rivales\" style=\"height:150px;width:150px;\"><img decoding=\"async\" src=\"https:\/\/static-content.rtbf.be\/article\/image\/770x433\/2\/b\/4\/f0efb52efdd81a940b043f0025ac796ad71b017d.jpg\" title=\"L&#039;Union europ\u00e9enne veut forcer Google \u00e0 ouvrir Android aux IA rivales\" style=\"height:150px;width:150px;\"><\/a><\/div><span class=\"title\"><a href=\"https:\/\/www.rtbf.be\/article\/l-union-europeenne-veut-forcer-google-a-ouvrir-android-aux-ia-rivales-11716151\" target=\"_blank\" rel=\" noopener\">L'Union europ\u00e9enne veut forcer Google \u00e0 ouvrir Android aux IA rivales<\/a><\/span><div class=\"rss_content\" style=\"\"><small>le 27 avril 2026 \u00e0 18:20 <\/small><p>\"Les mesures propos\u00e9es visent \u00e0 garantir que les services d'IA concurrents puissent interagir efficacement avec les...<\/p><\/div><\/li><li  style=\"padding: 15px 0 25px\" class=\"rss_item\"><div class=\"rss_image\" style=\"height:150px;width:150px;\"><a href=\"https:\/\/www.rtbf.be\/article\/best-of-de-l-humour-sur-bluesky-et-threads-les-10-meilleures-publications-du-20-au-27-avril-11715910\" target=\"_blank\" rel=\" noopener\" title=\"Best of de l\u2019humour sur Bluesky et Threads : les 10 meilleures publications du 20 au 27 avril\" style=\"height:150px;width:150px;\"><img decoding=\"async\" src=\"https:\/\/static-content.rtbf.be\/article\/image\/770x433\/9\/e\/d\/25aaab96f7761dcfe971386f7cfb1205.jpg\" title=\"Best of de l\u2019humour sur Bluesky et Threads : les 10 meilleures publications du 20 au 27 avril\" style=\"height:150px;width:150px;\"><\/a><\/div><span class=\"title\"><a href=\"https:\/\/www.rtbf.be\/article\/best-of-de-l-humour-sur-bluesky-et-threads-les-10-meilleures-publications-du-20-au-27-avril-11715910\" target=\"_blank\" rel=\" noopener\">Best of de l\u2019humour sur Bluesky et Threads : les 10 meilleures publications du 20 au 27 avril<\/a><\/span><div class=\"rss_content\" style=\"\"><small>le 27 avril 2026 \u00e0 15:30 <\/small><\/div><\/li><li  style=\"padding: 15px 0 25px\" class=\"rss_item\"><div class=\"rss_image\" style=\"height:150px;width:150px;\"><a href=\"https:\/\/www.rtbf.be\/article\/a-l-observatoire-royal-de-belgique-a-uccle-les-scientifiques-surveillent-aussi-l-activite-sismique-du-pays-11716014\" target=\"_blank\" rel=\" noopener\" title=\"\u00c0 l\u2019Observatoire royal de Belgique \u00e0 Uccle, les scientifiques surveillent aussi l\u2019activit\u00e9 sismique du pays\" style=\"height:150px;width:150px;\"><img decoding=\"async\" src=\"https:\/\/static-content.rtbf.be\/article\/image\/770x433\/5\/4\/4\/216f89a3a3fc7c9d3ebdf412e60498e3.jpg\" title=\"\u00c0 l\u2019Observatoire royal de Belgique \u00e0 Uccle, les scientifiques surveillent aussi l\u2019activit\u00e9 sismique du pays\" style=\"height:150px;width:150px;\"><\/a><\/div><span class=\"title\"><a href=\"https:\/\/www.rtbf.be\/article\/a-l-observatoire-royal-de-belgique-a-uccle-les-scientifiques-surveillent-aussi-l-activite-sismique-du-pays-11716014\" target=\"_blank\" rel=\" noopener\">\u00c0 l\u2019Observatoire royal de Belgique \u00e0 Uccle, les scientifiques surveillent aussi l\u2019activit\u00e9 sismique du pays<\/a><\/span><div class=\"rss_content\" style=\"\"><small>le 27 avril 2026 \u00e0 14:24 <\/small><p>L'Observatoire royal \u00e9tait\u00a0l\u00e0 avant la Belgique. Il a \u00e9t\u00e9 fond\u00e9 en 1826, sur la commune d'Uccle, sur d\u00e9cision du roi...<\/p><\/div><\/li><\/ul> <\/div><style type=\"text\/css\" media=\"all\">.feedzy-rss .rss_item .rss_image{float:left;position:relative;border:none;text-decoration:none;max-width:100%}.feedzy-rss .rss_item .rss_image span{display:inline-block;position:absolute;width:100%;height:100%;background-position:50%;background-size:cover}.feedzy-rss .rss_item .rss_image{margin:.3em 1em 0 0;content-visibility:auto}.feedzy-rss ul{list-style:none}.feedzy-rss ul li{display:inline-block}<\/style>\n<div class=\"box-rev\" style=\"border-color: #888;\">\n<div class=\"box-nice\"><img decoding=\"async\" style=\"float: left; margin-right: 4px; font-size: 20px;\" src=\"https:\/\/www.culturalusa.com\/images\/lien-externe.png\" alt=\"lien\" \/><a href=\"https:\/\/www.culturalusa.com\/news\/agenda\/evenements-belgique\/\"><strong>L\u2019actualit\u00e9 Musique Concerts en Belgique en direct et en continu \u00bb<\/strong> <\/a><\/div>\n<\/div>\n<p><script async src=\"\/\/pagead2.googlesyndication.com\/pagead\/js\/adsbygoogle.js\"><\/script><ins class=\"adsbygoogle\" style=\"display: block; text-align: center;\" data-ad-layout=\"in-article\" data-ad-format=\"fluid\" data-ad-client=\"ca-pub-2727717456356200\" data-ad-slot=\"6622935982\"><\/ins><script>(adsbygoogle = window.adsbygoogle || []).push({});<\/script><\/p>\n<\/div>\n","protected":false},"excerpt":{"rendered":"<p>Toute l&rsquo;actualit\u00e9 belge en direct et en continu &#8211; fil info &#8211; RTBF Retrouvez en un coup d\u2019\u0153il, de fa\u00e7on simple et rapide, toutes les actus de ces derni\u00e8res 24 heures sur notre fil info. L\u2019actualit\u00e9 Musique Concerts en Belgique en direct et en continu \u00bb<\/p>\n","protected":false},"author":1,"featured_media":0,"parent":0,"menu_order":0,"comment_status":"closed","ping_status":"closed","template":"","meta":{"footnotes":""},"class_list":["post-6710","page","type-page","status-publish","hentry"],"aioseo_notices":[],"_links":{"self":[{"href":"https:\/\/www.culturalusa.com\/news\/wp-json\/wp\/v2\/pages\/6710","targetHints":{"allow":["GET"]}}],"collection":[{"href":"https:\/\/www.culturalusa.com\/news\/wp-json\/wp\/v2\/pages"}],"about":[{"href":"https:\/\/www.culturalusa.com\/news\/wp-json\/wp\/v2\/types\/page"}],"author":[{"embeddable":true,"href":"https:\/\/www.culturalusa.com\/news\/wp-json\/wp\/v2\/users\/1"}],"replies":[{"embeddable":true,"href":"https:\/\/www.culturalusa.com\/news\/wp-json\/wp\/v2\/comments?post=6710"}],"version-history":[{"count":7,"href":"https:\/\/www.culturalusa.com\/news\/wp-json\/wp\/v2\/pages\/6710\/revisions"}],"predecessor-version":[{"id":13083,"href":"https:\/\/www.culturalusa.com\/news\/wp-json\/wp\/v2\/pages\/6710\/revisions\/13083"}],"wp:attachment":[{"href":"https:\/\/www.culturalusa.com\/news\/wp-json\/wp\/v2\/media?parent=6710"}],"curies":[{"name":"wp","href":"https:\/\/api.w.org\/{rel}","templated":true}]}}